{"id":11166,"date":"2024-05-03T16:37:12","date_gmt":"2024-05-03T14:37:12","guid":{"rendered":"https:\/\/2020.eckankar.ch\/copia-di-home-new\/"},"modified":"2026-04-15T10:26:32","modified_gmt":"2026-04-15T08:26:32","slug":"copia-di-home-new","status":"publish","type":"page","link":"https:\/\/testenv.eckankar.ch\/it\/","title":{"rendered":"Pagina iniziale Eckankar CH"},"content":{"rendered":"\n\n<h1  data-animation-delay=\"0.0\" data-animation-duration=\"1\">\n\t\t\tECKANKAR\t<\/h1>\n\t<p>Der Weg spiritueller Freiheit<\/p>\n<h1>\n\t\t\tWillkommen\t<\/h1>\n\tSuchst du nach Antworten auf deine Fragen an das Leben?<br \/>\nSuchst du eine tiefere Verbindung mit Gott und dem g\u00f6ttlichen Geist?\nEckankar, der Weg spiritueller Freiheit, f\u00fchrt dich auf der Reise zur\u00fcck zu deiner spirituellen Heimat.<br \/>\nIn Eckankar lernst du spirituelle \u00dcbungen kennen, mit denen du das Licht und den Ton Gottes erfahren und deine spirituelle Bestimmung entdecken kannst. So findest du mehr Freude, Liebe, Weisheit und Kreativit\u00e4t in deinem Herzen.<br \/>\nEntdecke dein Leben als spirituelles Abenteuer!<br \/>\n\n<p>Folgende ECK-Veranstaltungen helfen dir, dich als Seele &#8211; dein wahres Selbst &#8211; zu erleben.<\/p>\n\t<strong>Bevorstehende ECK-Veranstaltungen<br \/>\n<\/strong>\n\n<figure itemscope itemtype=\"https:\/\/schema.org\/ImageObject\">\n\t\t\t\t<img decoding=\"async\" src=\"https:\/\/testenv.eckankar.ch\/wp-content\/uploads\/2026\/03\/2026_Lebenskraftmesse-Bild-fuer-Webseite.jpg\" alt=\"Lebenskraftmesse 2026 - Workshops von Eckankar\" height=\"1271\" width=\"1770\" title=\"2026_Lebenskraftmesse\" onerror=\"this.style.display='none'\" loading=\"lazy\" \/>\n\t<\/figure>\n\t<p><strong>Kalender im <a href=\"https:\/\/testenv.eckankar.ch\/wp-content\/uploads\/2026\/04\/2026_Q2_public_Veranstaltungskalender.pdf\" target=\"_blank\" rel=\"noopener\">PDF-Format<\/a><\/strong><\/p>\n\t<div class=\"simcal-calendar simcal-default-calendar simcal-default-calendar-list simcal-default-calendar-light\" data-calendar-id=\"8867\" data-timezone=\"Europe\/Zurich\" data-offset=\"7200\" data-week-start=\"1\" data-calendar-start=\"1777240800\" data-calendar-end=\"1791278100\" data-events-first=\"1774771200\" data-events-last=\"1791278100\"><div class=\"simcal-calendar-list \"><nav class=\"simcal-calendar-head\">\n\t<div class=\"simcal-nav\">\n\t\t<button class=\"simcal-nav-button simcal-prev\" title=\"Previous\">\n\t\t\t<i class=\"simcal-icon-left\"><\/i>\n\t\t<\/button>\n\t<\/div>\n\t<div class=\"simcal-nav simcal-current \" data-calendar-current=\"1777240800\">\n\t\t<h3 class=\"simcal-current-label\"> <\/h3>\n\t<\/div>\n\t<div class=\"simcal-nav\">\t\t<button class=\"simcal-nav-button simcal-next\" title=\"Next\">\t\t\t<i class=\"simcal-icon-right\"><\/i>\n\t\t<\/button>\n\t<\/div>\n<\/nav>\n<dl class=\"simcal-events-list-container\" data-prev=\"1776501000\" data-next=\"1778002200\" data-heading-small=\"Apr - Mag 2026\" data-heading-large=\"Aprile - Maggio, 2026\">\t<dt class=\"simcal-day-label\" style=\"border-bottom: 1px solid #1e73be;\" ><span style=\"background-color: #1e73be; color: #ffffff;\"><span class=\"simcal-date-format\" data-date-format=\"j F Y\">27 Aprile 2026<\/span> <\/span><\/dt>\n<dd class=\"simcal-weekday-1 simcal-past simcal-day simcal-day-has-events simcal-day-has-1-events simcal-events-calendar-8867\" data-events-count=\"1\">\n\t<ul class=\"simcal-events\">\n\t<li class=\"simcal-event simcal-event-has-location simcal-events-calendar-8867\" style=\"\" itemscope itemtype=\"http:\/\/schema.org\/Event\" data-start=\"1777313700\">\n\t\t<div class=\"simcal-event-details\"><p><strong><span class=\"simcal-event-title\" itemprop=\"name\">Erh\u00f6he deinen spirituellen IQ<\/span><\/strong><\/p>\n<p><span class=\"simcal-event-start simcal-event-start-date\" data-event-start=\"1777313700\" data-event-format=\"j F Y\" itemprop=\"startDate\" content=\"2026-04-27T20:15:00+02:00\">27 Aprile 2026<\/span>&nbsp;&nbsp;<span class=\"simcal-event-start simcal-event-start-time\" data-event-start=\"1777313700\" data-event-format=\"G:i\" itemprop=\"startDate\" content=\"2026-04-27T20:15:00+02:00\">20:15<\/span> - <span class=\"simcal-event-end simcal-event-end-time\" data-event-end=\"1777318200\" data-event-format=\"G:i\" itemprop=\"endDate\" content=\"2026-04-27T21:30:00+02:00\">21:30<\/span><br \/>\n <span class=\"simcal-event-address simcal-event-start-location\" itemprop=\"location\" itemscope itemtype=\"http:\/\/schema.org\/Place\"><meta itemprop=\"name\" content=\"Studiengruppe Bern \u2013 Treffpunkt: Caf\u00e9 Tscharni, Raum Wintergarten, Waldmannstrasse 17A, 3027 Bern-Bethlehem\" \/><meta itemprop=\"address\" content=\"Studiengruppe Bern \u2013 Treffpunkt: Caf\u00e9 Tscharni, Raum Wintergarten, Waldmannstrasse 17A, 3027 Bern-Bethlehem\" \/>Studiengruppe Bern \u2013 Treffpunkt: Caf\u00e9 Tscharni, Raum Wintergarten, Waldmannstrasse 17A, 3027 Bern-Bethlehem<\/span><\/p>\n<div><div class=\"simcal-event-description\" itemprop=\"description\"><p>ECK Licht und Ton Gottesdienst<\/p>\n<\/div><\/div>\n<p>&nbsp;<\/p><\/div>\n\t<\/li>\n<\/ul>\n\n<\/dd>\n\t<dt class=\"simcal-day-label\" style=\"border-bottom: 1px solid #f2cf6f;\" ><span style=\"background-color: #f2cf6f; color: #000000;\"><span class=\"simcal-date-format\" data-date-format=\"j F Y\">28 Aprile 2026<\/span> <\/span><\/dt>\n<dd class=\"simcal-weekday-2 simcal-past simcal-day simcal-day-has-events simcal-day-has-1-events simcal-events-calendar-8867\" data-events-count=\"1\">\n\t<ul class=\"simcal-events\">\n\t<li class=\"simcal-event simcal-event-has-location simcal-events-calendar-8867\" style=\"\" itemscope itemtype=\"http:\/\/schema.org\/Event\" data-start=\"1777392000\">\n\t\t<div class=\"simcal-event-details\"><p><strong><span class=\"simcal-event-title\" itemprop=\"name\">Kapitel: Wisdom<\/span><\/strong><\/p>\n<p><span class=\"simcal-event-start simcal-event-start-date\" data-event-start=\"1777392000\" data-event-format=\"j F Y\" itemprop=\"startDate\" content=\"2026-04-28T18:00:00+02:00\">28 Aprile 2026<\/span>&nbsp;&nbsp;<span class=\"simcal-event-start simcal-event-start-time\" data-event-start=\"1777392000\" data-event-format=\"G:i\" itemprop=\"startDate\" content=\"2026-04-28T18:00:00+02:00\">18:00<\/span> - <span class=\"simcal-event-end simcal-event-end-time\" data-event-end=\"1777396500\" data-event-format=\"G:i\" itemprop=\"endDate\" content=\"2026-04-28T19:15:00+02:00\">19:15<\/span><br \/>\n <span class=\"simcal-event-address simcal-event-start-location\" itemprop=\"location\" itemscope itemtype=\"http:\/\/schema.org\/Place\"><meta itemprop=\"name\" content=\"Studiengruppe Basel, Elisabethenanlage 25, 4051 Basel\" \/><meta itemprop=\"address\" content=\"Studiengruppe Basel, Elisabethenanlage 25, 4051 Basel\" \/>Studiengruppe Basel, Elisabethenanlage 25, 4051 Basel<\/span><\/p>\n<div><div class=\"simcal-event-description\" itemprop=\"description\"><p>Spirituelle Gespr\u00e4che zum Buch  \u2013 Harold Klemp, The Spiritual Laws of Life, mit deutscher \u00dcbersetzung<\/p>\n<\/div><\/div>\n<p>&nbsp;<\/p><\/div>\n\t<\/li>\n<\/ul>\n\n<\/dd>\n\t<dt class=\"simcal-day-label\" style=\"border-bottom: 1px solid #f2cf6f;\" ><span style=\"background-color: #f2cf6f; color: #000000;\"><span class=\"simcal-date-format\" data-date-format=\"j F Y\">2 Maggio 2026<\/span> <\/span><\/dt>\n<dd class=\"simcal-weekday-6 simcal-past simcal-day simcal-day-has-events simcal-day-has-1-events simcal-events-calendar-8867\" data-events-count=\"1\">\n\t<ul class=\"simcal-events\">\n\t<li class=\"simcal-event simcal-event-has-location simcal-events-calendar-8867\" style=\"\" itemscope itemtype=\"http:\/\/schema.org\/Event\" data-start=\"1777730400\">\n\t\t<div class=\"simcal-event-details\"><p><strong><span class=\"simcal-event-title\" itemprop=\"name\">Werde ein Licht f\u00fcr die Welt<\/span><\/strong><\/p>\n<p><span class=\"simcal-event-start simcal-event-start-date\" data-event-start=\"1777730400\" data-event-format=\"j F Y\" itemprop=\"startDate\" content=\"2026-05-02T16:00:00+02:00\">2 Maggio 2026<\/span>&nbsp;&nbsp;<span class=\"simcal-event-start simcal-event-start-time\" data-event-start=\"1777730400\" data-event-format=\"G:i\" itemprop=\"startDate\" content=\"2026-05-02T16:00:00+02:00\">16:00<\/span> - <span class=\"simcal-event-end simcal-event-end-time\" data-event-end=\"1777734000\" data-event-format=\"G:i\" itemprop=\"endDate\" content=\"2026-05-02T17:00:00+02:00\">17:00<\/span><br \/>\n <span class=\"simcal-event-address simcal-event-start-location\" itemprop=\"location\" itemscope itemtype=\"http:\/\/schema.org\/Place\"><meta itemprop=\"name\" content=\"Studiengruppe Kreuzlingen, Bahnhofstrasse 31, 8280 Kreuzlingen\" \/><meta itemprop=\"address\" content=\"Studiengruppe Kreuzlingen, Bahnhofstrasse 31, 8280 Kreuzlingen\" \/>Studiengruppe Kreuzlingen, Bahnhofstrasse 31, 8280 Kreuzlingen<\/span><\/p>\n<div><div class=\"simcal-event-description\" itemprop=\"description\"><p>ECK Licht und Ton Gottesdienst<\/p>\n<\/div><\/div>\n<p>&nbsp;<\/p><\/div>\n\t<\/li>\n<\/ul>\n\n<\/dd>\n\t<dt class=\"simcal-day-label\" style=\"border-bottom: 1px solid #f2cf6f;\" ><span style=\"background-color: #f2cf6f; color: #000000;\"><span class=\"simcal-date-format\" data-date-format=\"j F Y\">3 Maggio 2026<\/span> <\/span><\/dt>\n<dd class=\"simcal-weekday-0 simcal-past simcal-day simcal-day-has-events simcal-day-has-1-events simcal-events-calendar-8867 simcal-day-has-events simcal-day-has-2-events simcal-events-calendar-8867\" data-events-count=\"2\">\n\t<ul class=\"simcal-events\">\n\t<li class=\"simcal-event simcal-event-has-location simcal-events-calendar-8867\" style=\"\" itemscope itemtype=\"http:\/\/schema.org\/Event\" data-start=\"1777796100\">\n\t\t<div class=\"simcal-event-details\"><p><strong><span class=\"simcal-event-title\" itemprop=\"name\">Werde ein Licht f\u00fcr die Welt<\/span><\/strong><\/p>\n<p><span class=\"simcal-event-start simcal-event-start-date\" data-event-start=\"1777796100\" data-event-format=\"j F Y\" itemprop=\"startDate\" content=\"2026-05-03T10:15:00+02:00\">3 Maggio 2026<\/span>&nbsp;&nbsp;<span class=\"simcal-event-start simcal-event-start-time\" data-event-start=\"1777796100\" data-event-format=\"G:i\" itemprop=\"startDate\" content=\"2026-05-03T10:15:00+02:00\">10:15<\/span> - <span class=\"simcal-event-end simcal-event-end-time\" data-event-end=\"1777799700\" data-event-format=\"G:i\" itemprop=\"endDate\" content=\"2026-05-03T11:15:00+02:00\">11:15<\/span><br \/>\n <span class=\"simcal-event-address simcal-event-start-location\" itemprop=\"location\" itemscope itemtype=\"http:\/\/schema.org\/Place\"><meta itemprop=\"name\" content=\"Studiengruppe Z\u00fcrich, Kurvenstrassse 17, 8006 Z\u00fcrich\" \/><meta itemprop=\"address\" content=\"Studiengruppe Z\u00fcrich, Kurvenstrassse 17, 8006 Z\u00fcrich\" \/>Studiengruppe Z\u00fcrich, Kurvenstrassse 17, 8006 Z\u00fcrich<\/span><\/p>\n<div><div class=\"simcal-event-description\" itemprop=\"description\"><p>ECK Licht und Ton Gottesdienst<\/p>\n<\/div><\/div>\n<p>&nbsp;<\/p><\/div>\n\t<\/li>\n\t<li class=\"simcal-event simcal-event-has-location simcal-events-calendar-8867\" style=\"\" itemscope itemtype=\"http:\/\/schema.org\/Event\" data-start=\"1777796100\">\n\t\t<div class=\"simcal-event-details\"><p><strong><span class=\"simcal-event-title\" itemprop=\"name\">Werde ein Licht f\u00fcr die Welt<\/span><\/strong><\/p>\n<p><span class=\"simcal-event-start simcal-event-start-date\" data-event-start=\"1777796100\" data-event-format=\"j F Y\" itemprop=\"startDate\" content=\"2026-05-03T10:15:00+02:00\">3 Maggio 2026<\/span>&nbsp;&nbsp;<span class=\"simcal-event-start simcal-event-start-time\" data-event-start=\"1777796100\" data-event-format=\"G:i\" itemprop=\"startDate\" content=\"2026-05-03T10:15:00+02:00\">10:15<\/span> - <span class=\"simcal-event-end simcal-event-end-time\" data-event-end=\"1777800600\" data-event-format=\"G:i\" itemprop=\"endDate\" content=\"2026-05-03T11:30:00+02:00\">11:30<\/span><br \/>\n <span class=\"simcal-event-address simcal-event-start-location\" itemprop=\"location\" itemscope itemtype=\"http:\/\/schema.org\/Place\"><meta itemprop=\"name\" content=\"Studiengruppe Basel, Elisabethenanlage 25, 4051 Basel\" \/><meta itemprop=\"address\" content=\"Studiengruppe Basel, Elisabethenanlage 25, 4051 Basel\" \/>Studiengruppe Basel, Elisabethenanlage 25, 4051 Basel<\/span><\/p>\n<div><div class=\"simcal-event-description\" itemprop=\"description\"><p>ECK Licht und Ton Gottesdienst<\/p>\n<\/div><\/div>\n<p>&nbsp;<\/p><\/div>\n\t<\/li>\n<\/ul>\n\n<\/dd>\n<\/dl><div class=\"simcal-ajax-loader simcal-spinner-top\" style=\"display: none;\"><i class=\"simcal-icon-spinner simcal-icon-spin\"><\/i><\/div><\/div><\/div>\n\t<h4><img loading=\"lazy\" decoding=\"async\" src=\"https:\/\/testenv.eckankar.ch\/wp-content\/uploads\/2023\/09\/Spiritual-Inspiration-image-272x300.jpg\" alt=\"\" width=\"419\" height=\"462\" \/><\/h4>\n<h2>F\u00fcr dich von Eckankar &#8211; spirituelle Inspiration<\/h2>\n<p>&nbsp;<\/p>\n<p><strong>Was inspiriert dich?<\/strong><\/p>\n<p>ECKSoulAdventure.org bietet weitere ECK-Seelenabenteuer: lebendige Podcasts, Geschichten von Begegnungen mit dem G\u00f6ttlichen, anhebende spirituelle Kunst und vieles mehr.<\/p>\n<p>Erkunde dabei die vielen Aussichtspunkte auf dem Weg spiritueller Freiheit.<\/p>\n<p><a href=\"https:\/\/www.eckankar.org\/eck-soul-adventure\/\">Erlebe jetzt dein ECK-Seelenabenteuer (englisch) &gt;<\/a><\/p>\n\t<p>&nbsp;<\/p>\n<p>&nbsp;<\/p>\n<p>Der F\u00fchrer f\u00fcr ECK-Seelenabenteuer &#8211; Sri Doug Kunin<\/p>\n<p>&nbsp;<\/p>\n<p>Unter uns sind Lehrer einer uralten spirituellen Linie &#8211; Adepten, die die spirituellen Gesetze des Lebens gemeistert haben und sie in Gedanken, Worten und Taten anwenden. Das sind die ECK-Meister, spirituelle Lehrer von h\u00f6chstem Rang.<\/p>\n<p>An ihrer Spitze steht der MAHANTA, der Lebende ECK-Meister &#8211; derzeit Sri Doug Kunin. Er ist der spirituelle F\u00fchrer von Eckankar. Als innerer und \u00e4u\u00dferer Lehrer ist es seine Aufgabe, das bereits in dir vorhandene Gottwissen zu erwecken.<\/p>\n<p>Lerne <a href=\"https:\/\/www.eckankar.org\/eck-master\/sri-doug-kunin\/\">Sri Doug Kunin<\/a> kennen (auf Englisch)<\/p>\n<p>&nbsp;<\/p>\n<figure itemscope itemtype=\"https:\/\/schema.org\/ImageObject\">\n\t\t\t\t<img decoding=\"async\" src=\"https:\/\/testenv.eckankar.ch\/wp-content\/uploads\/2026\/01\/ECK-Soul-Adventure-Guide-Sri-Doug_Only_75.png\" alt=\"ECK Soul Adventure Guide - Sri Doug_Only_75\" height=\"459\" width=\"417\" title=\"ECK Soul Adventure Guide - Sri Doug_Only_75\" onerror=\"this.style.display='none'\" loading=\"lazy\" \/>\n\t<\/figure>\n\t<p><img loading=\"lazy\" decoding=\"async\" src=\"https:\/\/testenv.eckankar.ch\/wp-content\/uploads\/2023\/08\/Want-to-Go-Deeper-image-300x273.jpg\" alt=\"\" width=\"454\" height=\"413\" \/><\/p>\n<h2>M\u00f6chtest du mehr erfahren?<\/h2>\n<p>&nbsp;<\/p>\n<strong>ECK-Kurse f\u00fcr ein fortgeschrittenes spirituelles Leben<\/strong><br \/>\nDas Studienprogramm von ECKANKAR ist ein Wegweiser f\u00fcr deine Reise zu Selbsterkenntnis, Gotterkenntnis und dar\u00fcber hinaus.\n<p>Lerne die spirituellen Kr\u00e4fte zu verstehen, die dein t\u00e4gliches Leben gestalten. Erkenne den g\u00f6ttlichen Sinn in jedem Moment.<\/p>\n<p>Als Seele hast du das Gottwissen bereits in dir!<\/p>\n<p><a href=\"https:\/\/testenv.eckankar.ch\/fortgeschrittenes-spirituelles-leben-2\/\">Beginne deine Reise &gt;<\/a><\/p>\n<p>&nbsp;<\/p>\n\n","protected":false},"excerpt":{"rendered":"<p>ECKANKAR Der Weg spiritueller Freiheit Willkommen Suchst du nach Antworten auf deine Fragen an das Leben? Suchst du eine tiefere Verbindung mit Gott und dem g\u00f6ttlichen Geist? Eckankar, der Weg spiritueller Freiheit, f\u00fchrt dich auf der Reise zur\u00fcck zu deiner spirituellen Heimat. In Eckankar lernst du spirituelle \u00dcbungen kennen, mit denen du das Licht und&hellip;<\/p>\n","protected":false},"author":4,"featured_media":0,"parent":0,"menu_order":0,"comment_status":"closed","ping_status":"closed","template":"","meta":{"_lmt_disableupdate":"","_lmt_disable":"","footnotes":""},"class_list":["post-11166","page","type-page","status-publish","hentry"],"yoast_head":"<!-- This site is optimized with the Yoast SEO plugin v27.4 - https:\/\/yoast.com\/product\/yoast-seo-wordpress\/ -->\n<title>Pagina iniziale Eckankar CH - Eckankar in Switzerland<\/title>\n<meta name=\"robots\" content=\"index, follow, max-snippet:-1, max-image-preview:large, max-video-preview:-1\" \/>\n<link rel=\"canonical\" href=\"https:\/\/testenv.eckankar.ch\/it\/\" \/>\n<meta property=\"og:locale\" content=\"it_IT\" \/>\n<meta property=\"og:type\" content=\"article\" \/>\n<meta property=\"og:title\" content=\"Pagina iniziale Eckankar CH - Eckankar in Switzerland\" \/>\n<meta property=\"og:description\" content=\"ECKANKAR Der Weg spiritueller Freiheit Willkommen Suchst du nach Antworten auf deine Fragen an das Leben? Suchst du eine tiefere Verbindung mit Gott und dem g\u00f6ttlichen Geist? Eckankar, der Weg spiritueller Freiheit, f\u00fchrt dich auf der Reise zur\u00fcck zu deiner spirituellen Heimat. In Eckankar lernst du spirituelle \u00dcbungen kennen, mit denen du das Licht und&hellip;\" \/>\n<meta property=\"og:url\" content=\"https:\/\/testenv.eckankar.ch\/it\/\" \/>\n<meta property=\"og:site_name\" content=\"Eckankar in Switzerland\" \/>\n<meta property=\"article:modified_time\" content=\"2026-04-15T08:26:32+00:00\" \/>\n<meta property=\"og:image\" content=\"https:\/\/testenv.eckankar.ch\/wp-content\/uploads\/2026\/03\/2026_Lebenskraftmesse-Bild-fuer-Webseite.jpg\" \/>\n<meta name=\"twitter:card\" content=\"summary_large_image\" \/>\n<meta name=\"twitter:label1\" content=\"Tempo di lettura stimato\" \/>\n\t<meta name=\"twitter:data1\" content=\"3 minuti\" \/>\n<script type=\"application\/ld+json\" class=\"yoast-schema-graph\">{\"@context\":\"https:\\\/\\\/schema.org\",\"@graph\":[{\"@type\":\"WebPage\",\"@id\":\"https:\\\/\\\/testenv.eckankar.ch\\\/it\\\/\",\"url\":\"https:\\\/\\\/testenv.eckankar.ch\\\/it\\\/\",\"name\":\"Pagina iniziale Eckankar CH - Eckankar in Switzerland\",\"isPartOf\":{\"@id\":\"https:\\\/\\\/testenv.eckankar.ch\\\/it\\\/#website\"},\"primaryImageOfPage\":{\"@id\":\"https:\\\/\\\/testenv.eckankar.ch\\\/it\\\/#primaryimage\"},\"image\":{\"@id\":\"https:\\\/\\\/testenv.eckankar.ch\\\/it\\\/#primaryimage\"},\"thumbnailUrl\":\"https:\\\/\\\/testenv.eckankar.ch\\\/wp-content\\\/uploads\\\/2026\\\/03\\\/2026_Lebenskraftmesse-Bild-fuer-Webseite.jpg\",\"datePublished\":\"2024-05-03T14:37:12+00:00\",\"dateModified\":\"2026-04-15T08:26:32+00:00\",\"breadcrumb\":{\"@id\":\"https:\\\/\\\/testenv.eckankar.ch\\\/it\\\/#breadcrumb\"},\"inLanguage\":\"it-IT\",\"potentialAction\":[{\"@type\":\"ReadAction\",\"target\":[\"https:\\\/\\\/testenv.eckankar.ch\\\/it\\\/\"]}]},{\"@type\":\"ImageObject\",\"inLanguage\":\"it-IT\",\"@id\":\"https:\\\/\\\/testenv.eckankar.ch\\\/it\\\/#primaryimage\",\"url\":\"https:\\\/\\\/testenv.eckankar.ch\\\/wp-content\\\/uploads\\\/2026\\\/03\\\/2026_Lebenskraftmesse-Bild-fuer-Webseite.jpg\",\"contentUrl\":\"https:\\\/\\\/testenv.eckankar.ch\\\/wp-content\\\/uploads\\\/2026\\\/03\\\/2026_Lebenskraftmesse-Bild-fuer-Webseite.jpg\"},{\"@type\":\"BreadcrumbList\",\"@id\":\"https:\\\/\\\/testenv.eckankar.ch\\\/it\\\/#breadcrumb\",\"itemListElement\":[{\"@type\":\"ListItem\",\"position\":1,\"name\":\"Home\",\"item\":\"https:\\\/\\\/testenv.eckankar.ch\\\/it\\\/\"},{\"@type\":\"ListItem\",\"position\":2,\"name\":\"Pagina iniziale Eckankar CH\"}]},{\"@type\":\"WebSite\",\"@id\":\"https:\\\/\\\/testenv.eckankar.ch\\\/it\\\/#website\",\"url\":\"https:\\\/\\\/testenv.eckankar.ch\\\/it\\\/\",\"name\":\"Eckankar in Switzerland\",\"description\":\"The path of Spiritual Freedom\",\"publisher\":{\"@id\":\"https:\\\/\\\/testenv.eckankar.ch\\\/it\\\/#organization\"},\"potentialAction\":[{\"@type\":\"SearchAction\",\"target\":{\"@type\":\"EntryPoint\",\"urlTemplate\":\"https:\\\/\\\/testenv.eckankar.ch\\\/it\\\/?s={search_term_string}\"},\"query-input\":{\"@type\":\"PropertyValueSpecification\",\"valueRequired\":true,\"valueName\":\"search_term_string\"}}],\"inLanguage\":\"it-IT\"},{\"@type\":\"Organization\",\"@id\":\"https:\\\/\\\/testenv.eckankar.ch\\\/it\\\/#organization\",\"name\":\"Eckankar\",\"url\":\"https:\\\/\\\/testenv.eckankar.ch\\\/it\\\/\",\"logo\":{\"@type\":\"ImageObject\",\"inLanguage\":\"it-IT\",\"@id\":\"https:\\\/\\\/testenv.eckankar.ch\\\/it\\\/#\\\/schema\\\/logo\\\/image\\\/\",\"url\":\"https:\\\/\\\/testenv.eckankar.ch\\\/wp-content\\\/uploads\\\/2018\\\/05\\\/logo_en.png\",\"contentUrl\":\"https:\\\/\\\/testenv.eckankar.ch\\\/wp-content\\\/uploads\\\/2018\\\/05\\\/logo_en.png\",\"width\":288,\"height\":100,\"caption\":\"Eckankar\"},\"image\":{\"@id\":\"https:\\\/\\\/testenv.eckankar.ch\\\/it\\\/#\\\/schema\\\/logo\\\/image\\\/\"}}]}<\/script>\n<!-- \/ Yoast SEO plugin. -->","yoast_head_json":{"title":"Pagina iniziale Eckankar CH - Eckankar in Switzerland","robots":{"index":"index","follow":"follow","max-snippet":"max-snippet:-1","max-image-preview":"max-image-preview:large","max-video-preview":"max-video-preview:-1"},"canonical":"https:\/\/testenv.eckankar.ch\/it\/","og_locale":"it_IT","og_type":"article","og_title":"Pagina iniziale Eckankar CH - Eckankar in Switzerland","og_description":"ECKANKAR Der Weg spiritueller Freiheit Willkommen Suchst du nach Antworten auf deine Fragen an das Leben? Suchst du eine tiefere Verbindung mit Gott und dem g\u00f6ttlichen Geist? Eckankar, der Weg spiritueller Freiheit, f\u00fchrt dich auf der Reise zur\u00fcck zu deiner spirituellen Heimat. In Eckankar lernst du spirituelle \u00dcbungen kennen, mit denen du das Licht und&hellip;","og_url":"https:\/\/testenv.eckankar.ch\/it\/","og_site_name":"Eckankar in Switzerland","article_modified_time":"2026-04-15T08:26:32+00:00","og_image":[{"url":"https:\/\/testenv.eckankar.ch\/wp-content\/uploads\/2026\/03\/2026_Lebenskraftmesse-Bild-fuer-Webseite.jpg","type":"","width":"","height":""}],"twitter_card":"summary_large_image","twitter_misc":{"Tempo di lettura stimato":"3 minuti"},"schema":{"@context":"https:\/\/schema.org","@graph":[{"@type":"WebPage","@id":"https:\/\/testenv.eckankar.ch\/it\/","url":"https:\/\/testenv.eckankar.ch\/it\/","name":"Pagina iniziale Eckankar CH - Eckankar in Switzerland","isPartOf":{"@id":"https:\/\/testenv.eckankar.ch\/it\/#website"},"primaryImageOfPage":{"@id":"https:\/\/testenv.eckankar.ch\/it\/#primaryimage"},"image":{"@id":"https:\/\/testenv.eckankar.ch\/it\/#primaryimage"},"thumbnailUrl":"https:\/\/testenv.eckankar.ch\/wp-content\/uploads\/2026\/03\/2026_Lebenskraftmesse-Bild-fuer-Webseite.jpg","datePublished":"2024-05-03T14:37:12+00:00","dateModified":"2026-04-15T08:26:32+00:00","breadcrumb":{"@id":"https:\/\/testenv.eckankar.ch\/it\/#breadcrumb"},"inLanguage":"it-IT","potentialAction":[{"@type":"ReadAction","target":["https:\/\/testenv.eckankar.ch\/it\/"]}]},{"@type":"ImageObject","inLanguage":"it-IT","@id":"https:\/\/testenv.eckankar.ch\/it\/#primaryimage","url":"https:\/\/testenv.eckankar.ch\/wp-content\/uploads\/2026\/03\/2026_Lebenskraftmesse-Bild-fuer-Webseite.jpg","contentUrl":"https:\/\/testenv.eckankar.ch\/wp-content\/uploads\/2026\/03\/2026_Lebenskraftmesse-Bild-fuer-Webseite.jpg"},{"@type":"BreadcrumbList","@id":"https:\/\/testenv.eckankar.ch\/it\/#breadcrumb","itemListElement":[{"@type":"ListItem","position":1,"name":"Home","item":"https:\/\/testenv.eckankar.ch\/it\/"},{"@type":"ListItem","position":2,"name":"Pagina iniziale Eckankar CH"}]},{"@type":"WebSite","@id":"https:\/\/testenv.eckankar.ch\/it\/#website","url":"https:\/\/testenv.eckankar.ch\/it\/","name":"Eckankar in Switzerland","description":"The path of Spiritual Freedom","publisher":{"@id":"https:\/\/testenv.eckankar.ch\/it\/#organization"},"potentialAction":[{"@type":"SearchAction","target":{"@type":"EntryPoint","urlTemplate":"https:\/\/testenv.eckankar.ch\/it\/?s={search_term_string}"},"query-input":{"@type":"PropertyValueSpecification","valueRequired":true,"valueName":"search_term_string"}}],"inLanguage":"it-IT"},{"@type":"Organization","@id":"https:\/\/testenv.eckankar.ch\/it\/#organization","name":"Eckankar","url":"https:\/\/testenv.eckankar.ch\/it\/","logo":{"@type":"ImageObject","inLanguage":"it-IT","@id":"https:\/\/testenv.eckankar.ch\/it\/#\/schema\/logo\/image\/","url":"https:\/\/testenv.eckankar.ch\/wp-content\/uploads\/2018\/05\/logo_en.png","contentUrl":"https:\/\/testenv.eckankar.ch\/wp-content\/uploads\/2018\/05\/logo_en.png","width":288,"height":100,"caption":"Eckankar"},"image":{"@id":"https:\/\/testenv.eckankar.ch\/it\/#\/schema\/logo\/image\/"}}]}},"_links":{"self":[{"href":"https:\/\/testenv.eckankar.ch\/it\/wp-json\/wp\/v2\/pages\/11166","targetHints":{"allow":["GET"]}}],"collection":[{"href":"https:\/\/testenv.eckankar.ch\/it\/wp-json\/wp\/v2\/pages"}],"about":[{"href":"https:\/\/testenv.eckankar.ch\/it\/wp-json\/wp\/v2\/types\/page"}],"author":[{"embeddable":true,"href":"https:\/\/testenv.eckankar.ch\/it\/wp-json\/wp\/v2\/users\/4"}],"replies":[{"embeddable":true,"href":"https:\/\/testenv.eckankar.ch\/it\/wp-json\/wp\/v2\/comments?post=11166"}],"version-history":[{"count":14,"href":"https:\/\/testenv.eckankar.ch\/it\/wp-json\/wp\/v2\/pages\/11166\/revisions"}],"predecessor-version":[{"id":12241,"href":"https:\/\/testenv.eckankar.ch\/it\/wp-json\/wp\/v2\/pages\/11166\/revisions\/12241"}],"wp:attachment":[{"href":"https:\/\/testenv.eckankar.ch\/it\/wp-json\/wp\/v2\/media?parent=11166"}],"curies":[{"name":"wp","href":"https:\/\/api.w.org\/{rel}","templated":true}]}}